{"id":537,"date":"2025-01-15T15:55:42","date_gmt":"2025-01-15T15:55:42","guid":{"rendered":"https:\/\/vederevalencia.it\/tours-visite-guidate\/"},"modified":"2025-08-09T22:53:21","modified_gmt":"2025-08-09T22:53:21","slug":"tours-visitas-guiadas","status":"publish","type":"page","link":"https:\/\/vederevalencia.it\/es\/tours-visitas-guiadas\/","title":{"rendered":"Tours \/ Visitas guiadas"},"content":{"rendered":"\n<div class=\"wp-block-group block_1\"><div class=\"wp-block-group__inner-container is-layout-constrained wp-block-group-is-layout-constrained\">\n<h1 class=\"wp-block-heading\" data-aos=\"fade-up\">Tours \/ Visitas guiadas en Valencia<\/h1>\n\n\n\n<p data-aos=\"fade-up\">Descubre Valencia con tours cuidadosamente seleccionados que te llevar\u00e1n a explorar sus principales monumentos y rincones ocultos. Cada itinerario te permitir\u00e1 vivir la historia, la cultura y la belleza de la ciudad en compa\u00f1\u00eda de un gu\u00eda experto.<\/p>\n\n\n<ul class=\"tour_list row\"><li id=\"post-785\" class=\"col col-12 col-sm-6 col-lg-4\" data-aos=\"fade-up\"><div class=\"tour_list_top\"><a href=\"https:\/\/vederevalencia.it\/es\/tours\/tour-culturale-a-valencia\/\"><figure><img loading=\"lazy\" decoding=\"async\" width=\"500\" height=\"350\" src=\"https:\/\/vederevalencia.it\/wp-content\/uploads\/2025\/01\/the-central-market-and-the-church-of-santos-juanes-2023-11-27-05-01-42-utc-500x350.jpg\" class=\"attachment-gallery_tour_custom_list size-gallery_tour_custom_list wp-post-image\" alt=\"\" \/><\/figure><\/a><h3><a href=\"https:\/\/vederevalencia.it\/es\/tours\/tour-culturale-a-valencia\/\">Tour culturale a Valencia<\/a><\/h3><p class=\"excerpt_tour\">Lorem ipsum dolor sit amet, consectetur adipiscing elit, sed do eiusmod tempor incididunt ut labore et dolore magna aliqua. Ut enim ad minim veniam,...<\/p><\/div><div class=\"tour_list_bottom\"><div class=\"tour_list_bottom_left\"><div class=\"duration_tour\"><strong>Duraci\u00f3n:<\/strong> 2 ore<\/div><div class=\"language_tour\"><strong>Idioma:<\/strong> Italiano, Espa\u00f1ol, Ingl\u00e9s<\/div><\/div><div class=\"wp-block-buttons small_button is-layout-flex wp-block-buttons-is-layout-flex tour_list_bottom_right\"><div class=\"wp-block-button\"><a href=\"https:\/\/vederevalencia.it\/es\/tours\/tour-culturale-a-valencia\/\" class=\"wp-block-button__link small_button\">Reservar<\/a><\/div><\/div><\/div><\/li><li id=\"post-783\" class=\"col col-12 col-sm-6 col-lg-4\" data-aos=\"fade-up\"><div class=\"tour_list_top\"><a href=\"https:\/\/vederevalencia.it\/es\/tours\/escursione-allalbufera\/\"><figure><img loading=\"lazy\" decoding=\"async\" width=\"500\" height=\"350\" src=\"https:\/\/vederevalencia.it\/wp-content\/uploads\/2025\/01\/views-of-the-albufera-lake-in-valencia-at-sunset-2023-11-27-05-33-16-utc-500x350.jpg\" class=\"attachment-gallery_tour_custom_list size-gallery_tour_custom_list wp-post-image\" alt=\"\" \/><\/figure><\/a><h3><a href=\"https:\/\/vederevalencia.it\/es\/tours\/escursione-allalbufera\/\">Escursione all&#8217;Albufera<\/a><\/h3><p class=\"excerpt_tour\">Lorem ipsum dolor sit amet, consectetur adipiscing elit, sed do eiusmod tempor incididunt ut labore et dolore magna aliqua. Ut enim ad minim veniam,...<\/p><\/div><div class=\"tour_list_bottom\"><div class=\"tour_list_bottom_left\"><div class=\"duration_tour\"><strong>Duraci\u00f3n:<\/strong> 1 ora e mezza<\/div><div class=\"language_tour\"><strong>Idioma:<\/strong> Italiano, Espa\u00f1ol, Ingl\u00e9s<\/div><\/div><div class=\"wp-block-buttons small_button is-layout-flex wp-block-buttons-is-layout-flex tour_list_bottom_right\"><div class=\"wp-block-button\"><a href=\"https:\/\/vederevalencia.it\/es\/tours\/escursione-allalbufera\/\" class=\"wp-block-button__link small_button\">Reservar<\/a><\/div><\/div><\/div><\/li><li id=\"post-777\" class=\"col col-12 col-sm-6 col-lg-4\" data-aos=\"fade-up\"><div class=\"tour_list_top\"><a href=\"https:\/\/vederevalencia.it\/es\/tours\/centro-storico-di-valencia\/\"><figure><img loading=\"lazy\" decoding=\"async\" width=\"500\" height=\"350\" src=\"https:\/\/vederevalencia.it\/wp-content\/uploads\/2025\/01\/the-central-market-and-the-church-of-santos-juanes-2023-11-27-05-01-42-utc-500x350.jpg\" class=\"attachment-gallery_tour_custom_list size-gallery_tour_custom_list wp-post-image\" alt=\"\" \/><\/figure><\/a><h3><a href=\"https:\/\/vederevalencia.it\/es\/tours\/centro-storico-di-valencia\/\">Centro storico di Valencia<\/a><\/h3><p class=\"excerpt_tour\">Scopri l&#8217;incredibile ricchezza culturale del suggestivo centro storico di Valencia, dove ogni angolo racconta una storia e ogni strada nasconde un segreto. Passeggiando tra...<\/p><\/div><div class=\"tour_list_bottom\"><div class=\"tour_list_bottom_left\"><div class=\"duration_tour\"><strong>Duraci\u00f3n:<\/strong> 2 ore<\/div><div class=\"language_tour\"><strong>Idioma:<\/strong> Italiano, Espa\u00f1ol, Ingl\u00e9s<\/div><\/div><div class=\"wp-block-buttons small_button is-layout-flex wp-block-buttons-is-layout-flex tour_list_bottom_right\"><div class=\"wp-block-button\"><a href=\"https:\/\/vederevalencia.it\/es\/tours\/centro-storico-di-valencia\/\" class=\"wp-block-button__link small_button\">Reservar<\/a><\/div><\/div><\/div><\/li><li id=\"post-775\" class=\"col col-12 col-sm-6 col-lg-4\" data-aos=\"fade-up\"><div class=\"tour_list_top\"><a href=\"https:\/\/vederevalencia.it\/es\/tours\/ciudad-de-las-artes-y-las-ciencias\/\"><figure><img loading=\"lazy\" decoding=\"async\" width=\"500\" height=\"350\" src=\"https:\/\/vederevalencia.it\/wp-content\/uploads\/2025\/01\/the-central-market-and-the-church-of-santos-juanes-2023-11-27-05-01-42-utc-500x350.jpg\" class=\"attachment-gallery_tour_custom_list size-gallery_tour_custom_list wp-post-image\" alt=\"\" \/><\/figure><\/a><h3><a href=\"https:\/\/vederevalencia.it\/es\/tours\/ciudad-de-las-artes-y-las-ciencias\/\">Ciudad de las Artes y las Ciencias<\/a><\/h3><p class=\"excerpt_tour\">Lorem ipsum dolor sit amet, consectetur adipiscing elit, sed do eiusmod tempor incididunt ut labore et dolore magna aliqua. Ut enim ad minim veniam,...<\/p><\/div><div class=\"tour_list_bottom\"><div class=\"tour_list_bottom_left\"><div class=\"duration_tour\"><strong>Duraci\u00f3n:<\/strong> 2 ore<\/div><div class=\"language_tour\"><strong>Idioma:<\/strong> Italiano, Espa\u00f1ol, Ingl\u00e9s<\/div><\/div><div class=\"wp-block-buttons small_button is-layout-flex wp-block-buttons-is-layout-flex tour_list_bottom_right\"><div class=\"wp-block-button\"><a href=\"https:\/\/vederevalencia.it\/es\/tours\/ciudad-de-las-artes-y-las-ciencias\/\" class=\"wp-block-button__link small_button\">Reservar<\/a><\/div><\/div><\/div><\/li><li id=\"post-787\" class=\"col col-12 col-sm-6 col-lg-4\" data-aos=\"fade-up\"><div class=\"tour_list_top\"><a href=\"https:\/\/vederevalencia.it\/es\/tours\/tour-in-bici-nel-turia-3\/\"><figure><img loading=\"lazy\" decoding=\"async\" width=\"500\" height=\"350\" src=\"https:\/\/vederevalencia.it\/wp-content\/uploads\/2025\/01\/the-central-market-and-the-church-of-santos-juanes-2023-11-27-05-01-42-utc-500x350.jpg\" class=\"attachment-gallery_tour_custom_list size-gallery_tour_custom_list wp-post-image\" alt=\"\" \/><\/figure><\/a><h3><a href=\"https:\/\/vederevalencia.it\/es\/tours\/tour-in-bici-nel-turia-3\/\">Tour in bici nel Turia<\/a><\/h3><p class=\"excerpt_tour\">Lorem ipsum dolor sit amet, consectetur adipiscing elit, sed do eiusmod tempor incididunt ut labore et dolore magna aliqua. Ut enim ad minim veniam,...<\/p><\/div><div class=\"tour_list_bottom\"><div class=\"tour_list_bottom_left\"><div class=\"duration_tour\"><strong>Duraci\u00f3n:<\/strong> 2 ore<\/div><div class=\"language_tour\"><strong>Idioma:<\/strong> Italiano, Espa\u00f1ol, Ingl\u00e9s<\/div><\/div><div class=\"wp-block-buttons small_button is-layout-flex wp-block-buttons-is-layout-flex tour_list_bottom_right\"><div class=\"wp-block-button\"><a href=\"https:\/\/vederevalencia.it\/es\/tours\/tour-in-bici-nel-turia-3\/\" class=\"wp-block-button__link small_button\">Reservar<\/a><\/div><\/div><\/div><\/li><li id=\"post-789\" class=\"col col-12 col-sm-6 col-lg-4\" data-aos=\"fade-up\"><div class=\"tour_list_top\"><a href=\"https:\/\/vederevalencia.it\/es\/tours\/tour-in-bici-nel-turia-2\/\"><figure><img loading=\"lazy\" decoding=\"async\" width=\"500\" height=\"350\" src=\"https:\/\/vederevalencia.it\/wp-content\/uploads\/2025\/01\/the-central-market-and-the-church-of-santos-juanes-2023-11-27-05-01-42-utc-500x350.jpg\" class=\"attachment-gallery_tour_custom_list size-gallery_tour_custom_list wp-post-image\" alt=\"\" \/><\/figure><\/a><h3><a href=\"https:\/\/vederevalencia.it\/es\/tours\/tour-in-bici-nel-turia-2\/\">Tour in bici nel Turia<\/a><\/h3><p class=\"excerpt_tour\">Lorem ipsum dolor sit amet, consectetur adipiscing elit, sed do eiusmod tempor incididunt ut labore et dolore magna aliqua. Ut enim ad minim veniam,...<\/p><\/div><div class=\"tour_list_bottom\"><div class=\"tour_list_bottom_left\"><div class=\"duration_tour\"><strong>Duraci\u00f3n:<\/strong> 2 ore<\/div><div class=\"language_tour\"><strong>Idioma:<\/strong> Italiano, Espa\u00f1ol, Ingl\u00e9s<\/div><\/div><div class=\"wp-block-buttons small_button is-layout-flex wp-block-buttons-is-layout-flex tour_list_bottom_right\"><div class=\"wp-block-button\"><a href=\"https:\/\/vederevalencia.it\/es\/tours\/tour-in-bici-nel-turia-2\/\" class=\"wp-block-button__link small_button\">Reservar<\/a><\/div><\/div><\/div><\/li><\/ul><button id=\"load-more-tours\" class=\"wp-block-button__link\" data-offset=\"6\">Ver m\u00e1s tours<\/button>\n<\/div><\/div>\n\n\n\n<div class=\"wp-block-group alignfull block_2\" data-aos=\"fade-up\"><div class=\"wp-block-group__inner-container is-layout-constrained wp-block-group-is-layout-constrained\"><p>There are no images in the gallery.<\/p>\n<\/div><\/div>\n\n\n\n<div class=\"wp-block-group block_3\"><div class=\"wp-block-group__inner-container is-layout-constrained wp-block-group-is-layout-constrained\">\n<div class=\"wp-block-group alignfull form_tour_personalizzati\"><div class=\"wp-block-group__inner-container is-layout-constrained wp-block-group-is-layout-constrained\">\n<div class=\"wp-block-columns container is-layout-flex wp-container-core-columns-is-layout-9d6595d7 wp-block-columns-is-layout-flex\">\n<div class=\"wp-block-column text is-layout-flow wp-block-column-is-layout-flow\">\n<div class=\"wp-block-group\"><div class=\"wp-block-group__inner-container is-layout-constrained wp-block-group-is-layout-constrained\">\n<h2 class=\"wp-block-heading\">Tours personalizados para disfrutar al m\u00e1ximo de Valencia<\/h2>\n\n\n\n<p>Descubre Valencia con una visita guiada a medida dise\u00f1ada para ofrecerte una experiencia \u00fanica. Tanto si te gusta la historia, la arquitectura o la gastronom\u00eda, el itinerario se adaptar\u00e1 a tus intereses. \u00a1Vive la ciudad a tu ritmo!<\/p>\n\n\n\n<p>Por qu\u00e9 elegir un tour personalizado:<\/p>\n\n\n\n<ul class=\"wp-block-list\">\n<li><strong>Flexibilidad total:<\/strong> t\u00fa decides qu\u00e9 visitar y cu\u00e1ndo, para vivir una experiencia verdaderamente tuya.<\/li>\n\n\n\n<li><strong>Experiencia \u00fanica:<\/strong> el itinerario est\u00e1 hecho a medida, evitando las rutas est\u00e1ndar.<\/li>\n\n\n\n<li><strong>Descubre rincones ocultos:<\/strong> con un gu\u00eda local, vive Valencia como un aut\u00e9ntico conocedor.<\/li>\n\n\n\n<li><strong>M\u00e1s comodidad:<\/strong> sin grupos abarrotados, solo atenci\u00f3n dedicada a ti.<\/li>\n<\/ul>\n\n\n\n<p>\u00a1Valencia est\u00e1 esperando a que la descubras a tu manera!<\/p>\n<\/div><\/div>\n<\/div>\n\n\n\n<div class=\"wp-block-column form is-layout-flow wp-block-column-is-layout-flow\">\n<div class=\"wp-block-group\"><div class=\"wp-block-group__inner-container is-layout-constrained wp-block-group-is-layout-constrained\">\n<h3 class=\"wp-block-heading\" id=\"compila\" data-aos=\"fade-up\"><strong>Rellena el formulario y crearemos el recorrido perfecto para ti.<\/strong><\/h3>\n\n\n\n<div class=\"wp-block-contact-form-7-contact-form-selector\" data-aos=\"fade-up\">\n<div class=\"wpcf7 no-js\" id=\"wpcf7-f1104-o1\" lang=\"es-ES\" dir=\"ltr\" data-wpcf7-id=\"1104\">\n<div class=\"screen-reader-response\"><p role=\"status\" aria-live=\"polite\" aria-atomic=\"true\"><\/p> <ul><\/ul><\/div>\n<form action=\"\/es\/wp-json\/wp\/v2\/pages\/537#wpcf7-f1104-o1\" method=\"post\" class=\"wpcf7-form init\" aria-label=\"Formulario de contacto\" novalidate=\"novalidate\" data-status=\"init\">\n<div style=\"display: none;\">\n<input type=\"hidden\" name=\"_wpcf7\" value=\"1104\" \/>\n<input type=\"hidden\" name=\"_wpcf7_version\" value=\"6.0.3\" \/>\n<input type=\"hidden\" name=\"_wpcf7_locale\" value=\"es_ES\" \/>\n<input type=\"hidden\" name=\"_wpcf7_unit_tag\" value=\"wpcf7-f1104-o1\" \/>\n<input type=\"hidden\" name=\"_wpcf7_container_post\" value=\"0\" \/>\n<input type=\"hidden\" name=\"_wpcf7_posted_data_hash\" value=\"\" \/>\n<\/div>\n<div class=\"row\">\n\t<fieldset class=\"col-sm-12 cont_input\">\n\t\t<p><span class=\"wpcf7-form-control-wrap\" data-name=\"nome\"><input size=\"40\" maxlength=\"400\" class=\"wpcf7-form-control wpcf7-text wpcf7-validates-as-required\" aria-required=\"true\" aria-invalid=\"false\" placeholder=\"Nombre\" value=\"\" type=\"text\" name=\"nome\" \/><\/span>\n\t\t<\/p>\n\t<\/fieldset>\n\t<fieldset class=\"col-sm-12 cont_input nome_agenzia\">\n\t\t<p><span class=\"wpcf7-form-control-wrap\" data-name=\"nome-agenzia\"><input size=\"40\" maxlength=\"400\" class=\"wpcf7-form-control wpcf7-text\" aria-invalid=\"false\" placeholder=\"Nombre de la agencia\" value=\"\" type=\"text\" name=\"nome-agenzia\" \/><\/span>\n\t\t<\/p>\n\t<\/fieldset>\n\t<fieldset class=\"col-sm-6 cont_input giorno\">\n\t\t<p><span class=\"wpcf7-form-control-wrap\" data-name=\"giorno\"><input class=\"wpcf7-form-control wpcf7-date wpcf7-validates-as-date\" aria-invalid=\"false\" placeholder=\"D\u00eda tour &nbsp;\" value=\"\" type=\"date\" name=\"giorno\" \/><\/span>\n\t\t<\/p>\n\t<\/fieldset>\n\t<fieldset class=\"col-sm-6 cont_input ora\">\n\t\t<p><span class=\"wpcf7-form-control-wrap\" data-name=\"ora\"><select class=\"wpcf7-form-control wpcf7-select\" aria-invalid=\"false\" name=\"ora\"><option value=\"\">Hora tour<\/option><option value=\"9:00\">9:00<\/option><option value=\"9:30\">9:30<\/option><option value=\"10:00\">10:00<\/option><option value=\"10:30\">10:30<\/option><option value=\"11:00\">11:00<\/option><option value=\"11:30\">11:30<\/option><option value=\"12:00\">12:00<\/option><option value=\"12:30\">12:30<\/option><option value=\"13:00\">13:00<\/option><option value=\"17:00\">17:00<\/option><option value=\"17:30\">17:30<\/option><option value=\"18:00\">18:00<\/option><option value=\"18:30\">18:30<\/option><option value=\"19:00\">19:00<\/option><\/select><\/span>\n\t\t<\/p>\n\t<\/fieldset>\n\t<fieldset class=\"col-sm-6 cont_input\">\n\t\t<p><span class=\"wpcf7-form-control-wrap\" data-name=\"telefono\"><input size=\"40\" maxlength=\"400\" class=\"wpcf7-form-control wpcf7-tel wpcf7-text wpcf7-validates-as-tel\" aria-invalid=\"false\" placeholder=\"Tel\u00e9fono\" value=\"\" type=\"tel\" name=\"telefono\" \/><\/span>\n\t\t<\/p>\n\t<\/fieldset>\n\t<fieldset class=\"col-sm-6 cont_input\">\n\t\t<p><span class=\"wpcf7-form-control-wrap\" data-name=\"email\"><input size=\"40\" maxlength=\"400\" class=\"wpcf7-form-control wpcf7-email wpcf7-validates-as-required wpcf7-text wpcf7-validates-as-email\" aria-required=\"true\" aria-invalid=\"false\" placeholder=\"Email\" value=\"\" type=\"email\" name=\"email\" \/><\/span>\n\t\t<\/p>\n\t<\/fieldset>\n\t<fieldset class=\"col-sm-12 cont_check\">\n\t\t<p><span class=\"wpcf7-form-control-wrap\" data-name=\"whatsapp\"><span class=\"wpcf7-form-control wpcf7-checkbox\"><span class=\"wpcf7-list-item first last\"><label><input type=\"checkbox\" name=\"whatsapp[]\" value=\"Puedo comunicarme por Whatsapp\" \/><span class=\"wpcf7-list-item-label\">Puedo comunicarme por Whatsapp<\/span><\/label><\/span><\/span><\/span>\n\t\t<\/p>\n\t<\/fieldset>\n\t<fieldset class=\"col-sm-12 cont_input indirizzo\">\n\t\t<p><span class=\"wpcf7-form-control-wrap\" data-name=\"indirizzo\"><input size=\"40\" maxlength=\"400\" class=\"wpcf7-form-control wpcf7-text\" aria-invalid=\"false\" placeholder=\"Direcci\u00f3n hotel o piso donde te alojas\" value=\"\" type=\"text\" name=\"indirizzo\" \/><\/span>\n\t\t<\/p>\n\t<\/fieldset>\n\t<div class=\"cosa_vedere\">\n\t\t<p class=\"p_cosa_vedere\">SELECCIONA LO QUE QUIERES HACER\/VER\n\t\t<\/p>\n\t\t<p class=\"p_cosa_proporre\">SELECCIONA LO QUE QUIERES PROPONER\n\t\t<\/p>\n\t\t<p><span class=\"wpcf7-form-control-wrap\" data-name=\"cosa-vedere\"><span class=\"wpcf7-form-control wpcf7-checkbox\"><span class=\"wpcf7-list-item first\"><label><input type=\"checkbox\" name=\"cosa-vedere[]\" value=\"Ciudad de las Artes y las Ciencias\" \/><span class=\"wpcf7-list-item-label\">Ciudad de las Artes y las Ciencias<\/span><\/label><\/span><span class=\"wpcf7-list-item\"><label><input type=\"checkbox\" name=\"cosa-vedere[]\" value=\"Centro hist\u00f3rico\" \/><span class=\"wpcf7-list-item-label\">Centro hist\u00f3rico<\/span><\/label><\/span><span class=\"wpcf7-list-item\"><label><input type=\"checkbox\" name=\"cosa-vedere[]\" value=\"Museos\" \/><span class=\"wpcf7-list-item-label\">Museos<\/span><\/label><\/span><span class=\"wpcf7-list-item\"><label><input type=\"checkbox\" name=\"cosa-vedere[]\" value=\"Albufera\" \/><span class=\"wpcf7-list-item-label\">Albufera<\/span><\/label><\/span><span class=\"wpcf7-list-item\"><label><input type=\"checkbox\" name=\"cosa-vedere[]\" value=\"Tour en bici\" \/><span class=\"wpcf7-list-item-label\">Tour en bici<\/span><\/label><\/span><span class=\"wpcf7-list-item last\"><label><input type=\"checkbox\" name=\"cosa-vedere[]\" value=\"Personalizado\" \/><span class=\"wpcf7-list-item-label\">Personalizado<\/span><\/label><\/span><\/span><\/span>\n\t\t<\/p>\n\t<\/div>\n\t<fieldset class=\"col-sm-12 cont_input\">\n\t\t<p><span class=\"wpcf7-form-control-wrap\" data-name=\"messaggio\"><textarea cols=\"40\" rows=\"10\" maxlength=\"2000\" class=\"wpcf7-form-control wpcf7-textarea wpcf7-validates-as-required\" aria-required=\"true\" aria-invalid=\"false\" placeholder=\"\u00bfQu\u00e9 te gustar\u00eda descubrir en Valencia?\" name=\"messaggio\"><\/textarea><\/span>\n\t\t<\/p>\n\t<\/fieldset>\n\t<div class=\"privacidad col-12\">\n\t\t<p>PROTEZIONE DEI DATI - PROTECCI\u00d3N DE DATOS: De conformidad con la normativa sobre protecci\u00f3n de datos, le facilitamos la siguiente informaci\u00f3n sobre el tratamiento: Responsable: Pierluigi Melis. Finalidad del tratamiento: mantener una relaci\u00f3n comercial y enviar comunicaciones sobre productos o servicios. Sus derechos: acceso, rectificaci\u00f3n, portabilidad, supresi\u00f3n, limitaci\u00f3n y oposici\u00f3n. Para m\u00e1s informaci\u00f3n sobre el tratamiento de datos personales, consulte la <a href=\"https:\/\/vederevalencia.it\/es\/politica-de-privacidad\/\" target=\"_blank\">pol\u00ed\u00adtica de privacidad.<\/a>\n\t\t<\/p>\n\t<\/div>\n\t<div class=\"accept_cont_submit col-12\">\n\t\t<fieldset class=\"cont_check accept\">\n\t\t\t<p><span class=\"wpcf7-form-control-wrap\" data-name=\"politica-privacy\"><span class=\"wpcf7-form-control wpcf7-acceptance\"><span class=\"wpcf7-list-item\"><input type=\"checkbox\" name=\"politica-privacy\" value=\"1\" aria-invalid=\"false\" \/><\/span><\/span><\/span><label>He le\u00eddo y acepto la <a href=\"https:\/\/vederevalencia.it\/es\/politica-de-privacidad\/\" target=\"_blank\">pol\u00ed\u00adtica de privacidad<\/a><\/label>\n\t\t\t<\/p>\n\t\t<\/fieldset>\n\t\t<fieldset class=\"cont_submit\">\n\t\t\t<p><input class=\"wpcf7-form-control wpcf7-submit has-spinner\" type=\"submit\" value=\"Enviar solicitud\" \/>\n\t\t\t<\/p>\n\t\t<\/fieldset>\n\t<\/div>\n<\/div><div class=\"wpcf7-response-output\" aria-hidden=\"true\"><\/div>\n<\/form>\n<\/div>\n<\/div>\n<\/div><\/div>\n<\/div>\n<\/div>\n<\/div><\/div>\n<\/div><\/div>\n\n\n\n<div class=\"wp-block-group block_4\"><div class=\"wp-block-group__inner-container is-layout-constrained wp-block-group-is-layout-constrained\">\n<div class=\"wp-block-group block_4_1\"><div class=\"wp-block-group__inner-container is-layout-constrained wp-block-group-is-layout-constrained\">\n<div class=\"wp-block-columns is-layout-flex wp-container-core-columns-is-layout-9d6595d7 wp-block-columns-is-layout-flex\">\n<div class=\"wp-block-column left is-layout-flow wp-block-column-is-layout-flow\" style=\"flex-basis:66.66%\">\n<h2 class=\"wp-block-heading\">Descubre Valencia con las<br>mejores visitas guiadas<\/h2>\n\n\n\n<figure class=\"wp-block-image size-full\"><img loading=\"lazy\" decoding=\"async\" width=\"1317\" height=\"945\" src=\"https:\/\/vederevalencia.it\/wp-content\/uploads\/2025\/01\/valencia-city-in-spain-2023-11-27-05-27-54-utc-11.jpg\" alt=\"\" class=\"wp-image-205\"\/><\/figure>\n<\/div>\n\n\n\n<div class=\"wp-block-column right is-layout-flow wp-block-column-is-layout-flow\" style=\"flex-basis:33.33%\">\n<div class=\"wp-block-group\"><div class=\"wp-block-group__inner-container is-layout-constrained wp-block-group-is-layout-constrained\">\n<p>Valencia, una de las joyas del Mediterr\u00e1neo, es una ciudad rica en historia, cultura y belleza natural. Para disfrutar de una experiencia completa y memorable, nuestras visitas guiadas por Valencia son la opci\u00f3n ideal. Tanto si eres un apasionado de la historia, un amante del arte, un gourmet en busca de sabores aut\u00e9nticos o simplemente deseas explorar una de las ciudades m\u00e1s fascinantes de Espa\u00f1a, nuestras visitas te ofrecer\u00e1n una visi\u00f3n profunda y aut\u00e9ntica de Valencia.<\/p>\n\n\n\n<figure class=\"wp-block-image size-full\"><img loading=\"lazy\" decoding=\"async\" width=\"740\" height=\"551\" src=\"https:\/\/vederevalencia.it\/wp-content\/uploads\/2025\/01\/valencia-city-in-spain-2023-11-27-05-27-54-utc-12.jpg\" alt=\"\" class=\"wp-image-207\"\/><\/figure>\n<\/div><\/div>\n<\/div>\n<\/div>\n<\/div><\/div>\n\n\n\n<div class=\"wp-block-group block_4_2\"><div class=\"wp-block-group__inner-container is-layout-constrained wp-block-group-is-layout-constrained\">\n<div class=\"wp-block-columns is-layout-flex wp-container-core-columns-is-layout-9d6595d7 wp-block-columns-is-layout-flex\">\n<div class=\"wp-block-column left is-layout-flow wp-block-column-is-layout-flow\" style=\"flex-basis:33.33%\">\n<div class=\"wp-block-group\"><div class=\"wp-block-group__inner-container is-layout-constrained wp-block-group-is-layout-constrained\">\n<h3 class=\"wp-block-heading\">\u00bfPor qu\u00e9 elegir una visita guiada en Valencia?<\/h3>\n\n\n\n<p>Optar por una visita guiada te permite descubrir Valencia m\u00e1s a fondo y con un gu\u00eda experto que conoce cada rinc\u00f3n de la ciudad. Un gu\u00eda tur\u00edstico cualificado no solo te llevar\u00e1 a los principales puntos de inter\u00e9s, sino que tambi\u00e9n te revelar\u00e1 detalles e historias que podr\u00edan pasar desapercibidos para los turistas ocasionales. Este enfoque garantiza una experiencia m\u00e1s rica y envolvente, ayud\u00e1ndote a comprender mejor la cultura y la historia de Valencia.<\/p>\n\n\n\n<figure class=\"wp-block-image size-full\"><img loading=\"lazy\" decoding=\"async\" width=\"738\" height=\"1046\" src=\"https:\/\/vederevalencia.it\/wp-content\/uploads\/2025\/01\/valencia-city-in-spain-2023-11-27-05-27-54-utc-14.jpg\" alt=\"\" class=\"wp-image-209\"\/><\/figure>\n<\/div><\/div>\n<\/div>\n\n\n\n<div class=\"wp-block-column right is-layout-flow wp-block-column-is-layout-flow\" style=\"flex-basis:66.66%\">\n<figure class=\"wp-block-image size-full\"><img loading=\"lazy\" decoding=\"async\" width=\"1317\" height=\"945\" src=\"https:\/\/vederevalencia.it\/wp-content\/uploads\/2025\/01\/valencia-city-in-spain-2023-11-27-05-27-54-utc-13-bis.jpg\" alt=\"\" class=\"wp-image-208\"\/><\/figure>\n\n\n\n<div class=\"wp-block-columns is-layout-flex wp-container-core-columns-is-layout-9d6595d7 wp-block-columns-is-layout-flex\">\n<div class=\"wp-block-column is-layout-flow wp-block-column-is-layout-flow\" style=\"flex-basis:60%\">\n<div class=\"wp-block-group\"><div class=\"wp-block-group__inner-container is-layout-constrained wp-block-group-is-layout-constrained\">\n<h3 class=\"wp-block-heading\">Tours personalizados y adaptables<\/h3>\n\n\n\n<p>Una de las principales ventajas de elegir nuestros tours es la posibilidad de personalizar el itinerario seg\u00fan tus intereses y preferencias. Si te fascina la historia antigua, podr\u00e1s explorar los lugares hist\u00f3ricos m\u00e1s significativos. Si, por el contrario, tu pasi\u00f3n es la arquitectura moderna, podr\u00e1s descubrir las obras m\u00e1s emblem\u00e1ticas de la ciudad. Los amantes de la gastronom\u00eda tambi\u00e9n encontrar\u00e1n su lugar, con tours que incluyen degustaciones de platos t\u00edpicos y visitas a mercados locales. Cada tour est\u00e1 dise\u00f1ado para ofrecerte una experiencia a medida, garantizando que cada aspecto de tu estancia en Valencia sea memorable.<\/p>\n<\/div><\/div>\n<\/div>\n\n\n\n<div class=\"wp-block-column is-layout-flow wp-block-column-is-layout-flow\" style=\"flex-basis:40%\">\n<div class=\"wp-block-group\"><div class=\"wp-block-group__inner-container is-layout-constrained wp-block-group-is-layout-constrained\">\n<h3 class=\"wp-block-heading\">Experiencia local aut\u00e9ntica<\/h3>\n\n\n\n<p>Elegir una visita guiada te ofrece la oportunidad de vivir Valencia como un valenciano m\u00e1s. Nuestros gu\u00edas expertos te llevar\u00e1n a descubrir no solo los lugares tur\u00edsticos m\u00e1s famosos, sino tambi\u00e9n rincones ocultos y joyas locales que solo un residente puede conocer. Al descubrir las tradiciones, costumbres y h\u00e1bitos locales, tendr\u00e1s una idea m\u00e1s aut\u00e9ntica de lo que significa vivir y trabajar en Valencia.<\/p>\n<\/div><\/div>\n<\/div>\n<\/div>\n<\/div>\n<\/div>\n<\/div><\/div>\n\n\n\n<div class=\"wp-block-group block_4_3\"><div class=\"wp-block-group__inner-container is-layout-constrained wp-block-group-is-layout-constrained\">\n<div class=\"wp-block-columns is-layout-flex wp-container-core-columns-is-layout-9d6595d7 wp-block-columns-is-layout-flex\">\n<div class=\"wp-block-column left is-layout-flow wp-block-column-is-layout-flow\" style=\"flex-basis:60%\">\n<figure class=\"wp-block-image size-full\"><img loading=\"lazy\" decoding=\"async\" width=\"1317\" height=\"1025\" src=\"https:\/\/vederevalencia.it\/wp-content\/uploads\/2025\/01\/valencia-city-in-spain-2023-11-27-05-27-54-utc-16.jpg\" alt=\"\" class=\"wp-image-211\"\/><\/figure>\n<\/div>\n\n\n\n<div class=\"wp-block-column is-vertically-aligned-center right is-layout-flow wp-block-column-is-layout-flow\" style=\"flex-basis:40%\">\n<div class=\"wp-block-group\"><div class=\"wp-block-group__inner-container is-layout-constrained wp-block-group-is-layout-constrained\">\n<h3 class=\"wp-block-heading\">Ventajas de una visita guiada con un gu\u00eda profesional<\/h3>\n\n\n\n<ul class=\"wp-block-list\">\n<li><strong>Conocimiento profundo:<\/strong> Nuestros gu\u00edas son expertos locales con un profundo conocimiento de la historia y la cultura de Valencia. Pueden responder a todas tus preguntas y ofrecerte un contexto hist\u00f3rico y cultural rico y detallado.<\/li>\n\n\n\n<li><strong>F\u00e1cil navegaci\u00f3n:<\/strong> Valencia puede ser una ciudad compleja para explorar por tu cuenta. Con un gu\u00eda experto, no tendr\u00e1s que preocuparte por orientarte ni perder tiempo buscando lugares de inter\u00e9s. Te guiar\u00e1n por las mejores rutas sin estr\u00e9s.<\/li>\n\n\n\n<li><strong>Acceso a lugares exclusivos:<\/strong> Algunas visitas ofrecen acceso a lugares y actividades que no se pueden reservar f\u00e1cilmente o que no son visibles para el p\u00fablico en general. Esto te permitir\u00e1 vivir experiencias exclusivas y \u00fanicas.<\/li>\n\n\n\n<li><strong>Seguridad y comodidad: <\/strong>Viajar con un gu\u00eda profesional te ofrece un nivel adicional de seguridad y comodidad. Nuestros gu\u00edas est\u00e1n capacitados para garantizar que tengas una experiencia segura y agradable durante la visita.<\/li>\n<\/ul>\n<\/div><\/div>\n<\/div>\n<\/div>\n<\/div><\/div>\n<\/div><\/div>\n\n\n\n<div class=\"wp-block-group alignfull call_to_action_agenzia\"><div class=\"wp-block-group__inner-container is-layout-constrained wp-block-group-is-layout-constrained\">\n<p>\u00bfEres una agencia de viajes? Ponte en contacto conmigo para <br>ofrecer a tus clientes tours personalizados a Valencia<\/p>\n\n\n\n<div class=\"wp-block-buttons is-layout-flex wp-block-buttons-is-layout-flex\">\n<div class=\"wp-block-button big_button\"><a class=\"wp-block-button__link wp-element-button\" href=\"https:\/\/vederevalencia.it\/es\/agencias-de-viajes\/\">Cont\u00e1ctame<\/a><\/div>\n<\/div>\n<\/div><\/div>\n","protected":false},"excerpt":{"rendered":"<p>Tours \/ Visitas guiadas en Valencia Descubre Valencia con tours cuidadosamente seleccionados que te llevar\u00e1n a explorar sus principales monumentos y rincones ocultos. Cada itinerario te permitir\u00e1 vivir la historia, la cultura y la belleza de la ciudad en compa\u00f1\u00eda de un gu\u00eda experto. Descubre Valencia con lasmejores visitas guiadas Valencia, una de las joyas [&hellip;]<\/p>\n","protected":false},"author":1,"featured_media":0,"parent":0,"menu_order":0,"comment_status":"closed","ping_status":"closed","template":"fullwith-without-title.php","meta":{"_acf_changed":false,"footnotes":""},"class_list":["post-537","page","type-page","status-publish","hentry"],"acf":[],"yoast_head":"<!-- This site is optimized with the Yoast SEO plugin v24.3 - https:\/\/yoast.com\/wordpress\/plugins\/seo\/ -->\n<title>Tours \/ Visitas guiadas - Vedere Valencia<\/title>\n<meta name=\"robots\" content=\"noindex, follow, max-snippet:-1, max-image-preview:large, max-video-preview:-1\" \/>\n<meta property=\"og:locale\" content=\"es_ES\" \/>\n<meta property=\"og:type\" content=\"article\" \/>\n<meta property=\"og:title\" content=\"Tours \/ Visitas guiadas - Vedere Valencia\" \/>\n<meta property=\"og:description\" content=\"Tours \/ Visitas guiadas en Valencia Descubre Valencia con tours cuidadosamente seleccionados que te llevar\u00e1n a explorar sus principales monumentos y rincones ocultos. Cada itinerario te permitir\u00e1 vivir la historia, la cultura y la belleza de la ciudad en compa\u00f1\u00eda de un gu\u00eda experto. Descubre Valencia con lasmejores visitas guiadas Valencia, una de las joyas [&hellip;]\" \/>\n<meta property=\"og:url\" content=\"https:\/\/vederevalencia.it\/es\/tours-visitas-guiadas\/\" \/>\n<meta property=\"og:site_name\" content=\"Vedere Valencia\" \/>\n<meta property=\"article:modified_time\" content=\"2025-08-09T22:53:21+00:00\" \/>\n<meta property=\"og:image\" content=\"https:\/\/vederevalencia.it\/wp-content\/uploads\/2025\/01\/valencia-city-in-spain-2023-11-27-05-27-54-utc-11.jpg\" \/>\n<meta name=\"twitter:card\" content=\"summary_large_image\" \/>\n<meta name=\"twitter:label1\" content=\"Tiempo de lectura\" \/>\n\t<meta name=\"twitter:data1\" content=\"1 minuto\" \/>\n<script type=\"application\/ld+json\" class=\"yoast-schema-graph\">{\"@context\":\"https:\/\/schema.org\",\"@graph\":[{\"@type\":\"WebPage\",\"@id\":\"https:\/\/vederevalencia.it\/es\/tours-visitas-guiadas\/\",\"url\":\"https:\/\/vederevalencia.it\/es\/tours-visitas-guiadas\/\",\"name\":\"Tours \/ Visitas guiadas - Vedere Valencia\",\"isPartOf\":{\"@id\":\"https:\/\/vederevalencia.it\/es\/#website\"},\"primaryImageOfPage\":{\"@id\":\"https:\/\/vederevalencia.it\/es\/tours-visitas-guiadas\/#primaryimage\"},\"image\":{\"@id\":\"https:\/\/vederevalencia.it\/es\/tours-visitas-guiadas\/#primaryimage\"},\"thumbnailUrl\":\"https:\/\/vederevalencia.it\/wp-content\/uploads\/2025\/01\/valencia-city-in-spain-2023-11-27-05-27-54-utc-11.jpg\",\"datePublished\":\"2025-01-15T15:55:42+00:00\",\"dateModified\":\"2025-08-09T22:53:21+00:00\",\"breadcrumb\":{\"@id\":\"https:\/\/vederevalencia.it\/es\/tours-visitas-guiadas\/#breadcrumb\"},\"inLanguage\":\"es\",\"potentialAction\":[{\"@type\":\"ReadAction\",\"target\":[\"https:\/\/vederevalencia.it\/es\/tours-visitas-guiadas\/\"]}]},{\"@type\":\"ImageObject\",\"inLanguage\":\"es\",\"@id\":\"https:\/\/vederevalencia.it\/es\/tours-visitas-guiadas\/#primaryimage\",\"url\":\"https:\/\/vederevalencia.it\/wp-content\/uploads\/2025\/01\/valencia-city-in-spain-2023-11-27-05-27-54-utc-11.jpg\",\"contentUrl\":\"https:\/\/vederevalencia.it\/wp-content\/uploads\/2025\/01\/valencia-city-in-spain-2023-11-27-05-27-54-utc-11.jpg\"},{\"@type\":\"BreadcrumbList\",\"@id\":\"https:\/\/vederevalencia.it\/es\/tours-visitas-guiadas\/#breadcrumb\",\"itemListElement\":[{\"@type\":\"ListItem\",\"position\":1,\"name\":\"Portada\",\"item\":\"https:\/\/vederevalencia.it\/es\/\"},{\"@type\":\"ListItem\",\"position\":2,\"name\":\"Tours \/ Visitas guiadas\"}]},{\"@type\":\"WebSite\",\"@id\":\"https:\/\/vederevalencia.it\/es\/#website\",\"url\":\"https:\/\/vederevalencia.it\/es\/\",\"name\":\"Vedere Valencia\",\"description\":\"Pierluigi Melis Tours\",\"publisher\":{\"@id\":\"https:\/\/vederevalencia.it\/es\/#organization\"},\"potentialAction\":[{\"@type\":\"SearchAction\",\"target\":{\"@type\":\"EntryPoint\",\"urlTemplate\":\"https:\/\/vederevalencia.it\/es\/?s={search_term_string}\"},\"query-input\":{\"@type\":\"PropertyValueSpecification\",\"valueRequired\":true,\"valueName\":\"search_term_string\"}}],\"inLanguage\":\"es\"},{\"@type\":\"Organization\",\"@id\":\"https:\/\/vederevalencia.it\/es\/#organization\",\"name\":\"Vedere Valencia\",\"url\":\"https:\/\/vederevalencia.it\/es\/\",\"logo\":{\"@type\":\"ImageObject\",\"inLanguage\":\"es\",\"@id\":\"https:\/\/vederevalencia.it\/es\/#\/schema\/logo\/image\/\",\"url\":\"https:\/\/vederevalencia.it\/wp-content\/uploads\/2022\/09\/Logo.jpg\",\"contentUrl\":\"https:\/\/vederevalencia.it\/wp-content\/uploads\/2022\/09\/Logo.jpg\",\"width\":101,\"height\":91,\"caption\":\"Vedere Valencia\"},\"image\":{\"@id\":\"https:\/\/vederevalencia.it\/es\/#\/schema\/logo\/image\/\"}}]}<\/script>\n<!-- \/ Yoast SEO plugin. -->","yoast_head_json":{"title":"Tours \/ Visitas guiadas - Vedere Valencia","robots":{"index":"noindex","follow":"follow","max-snippet":"max-snippet:-1","max-image-preview":"max-image-preview:large","max-video-preview":"max-video-preview:-1"},"og_locale":"es_ES","og_type":"article","og_title":"Tours \/ Visitas guiadas - Vedere Valencia","og_description":"Tours \/ Visitas guiadas en Valencia Descubre Valencia con tours cuidadosamente seleccionados que te llevar\u00e1n a explorar sus principales monumentos y rincones ocultos. Cada itinerario te permitir\u00e1 vivir la historia, la cultura y la belleza de la ciudad en compa\u00f1\u00eda de un gu\u00eda experto. Descubre Valencia con lasmejores visitas guiadas Valencia, una de las joyas [&hellip;]","og_url":"https:\/\/vederevalencia.it\/es\/tours-visitas-guiadas\/","og_site_name":"Vedere Valencia","article_modified_time":"2025-08-09T22:53:21+00:00","og_image":[{"url":"https:\/\/vederevalencia.it\/wp-content\/uploads\/2025\/01\/valencia-city-in-spain-2023-11-27-05-27-54-utc-11.jpg","type":"","width":"","height":""}],"twitter_card":"summary_large_image","twitter_misc":{"Tiempo de lectura":"1 minuto"},"schema":{"@context":"https:\/\/schema.org","@graph":[{"@type":"WebPage","@id":"https:\/\/vederevalencia.it\/es\/tours-visitas-guiadas\/","url":"https:\/\/vederevalencia.it\/es\/tours-visitas-guiadas\/","name":"Tours \/ Visitas guiadas - Vedere Valencia","isPartOf":{"@id":"https:\/\/vederevalencia.it\/es\/#website"},"primaryImageOfPage":{"@id":"https:\/\/vederevalencia.it\/es\/tours-visitas-guiadas\/#primaryimage"},"image":{"@id":"https:\/\/vederevalencia.it\/es\/tours-visitas-guiadas\/#primaryimage"},"thumbnailUrl":"https:\/\/vederevalencia.it\/wp-content\/uploads\/2025\/01\/valencia-city-in-spain-2023-11-27-05-27-54-utc-11.jpg","datePublished":"2025-01-15T15:55:42+00:00","dateModified":"2025-08-09T22:53:21+00:00","breadcrumb":{"@id":"https:\/\/vederevalencia.it\/es\/tours-visitas-guiadas\/#breadcrumb"},"inLanguage":"es","potentialAction":[{"@type":"ReadAction","target":["https:\/\/vederevalencia.it\/es\/tours-visitas-guiadas\/"]}]},{"@type":"ImageObject","inLanguage":"es","@id":"https:\/\/vederevalencia.it\/es\/tours-visitas-guiadas\/#primaryimage","url":"https:\/\/vederevalencia.it\/wp-content\/uploads\/2025\/01\/valencia-city-in-spain-2023-11-27-05-27-54-utc-11.jpg","contentUrl":"https:\/\/vederevalencia.it\/wp-content\/uploads\/2025\/01\/valencia-city-in-spain-2023-11-27-05-27-54-utc-11.jpg"},{"@type":"BreadcrumbList","@id":"https:\/\/vederevalencia.it\/es\/tours-visitas-guiadas\/#breadcrumb","itemListElement":[{"@type":"ListItem","position":1,"name":"Portada","item":"https:\/\/vederevalencia.it\/es\/"},{"@type":"ListItem","position":2,"name":"Tours \/ Visitas guiadas"}]},{"@type":"WebSite","@id":"https:\/\/vederevalencia.it\/es\/#website","url":"https:\/\/vederevalencia.it\/es\/","name":"Vedere Valencia","description":"Pierluigi Melis Tours","publisher":{"@id":"https:\/\/vederevalencia.it\/es\/#organization"},"potentialAction":[{"@type":"SearchAction","target":{"@type":"EntryPoint","urlTemplate":"https:\/\/vederevalencia.it\/es\/?s={search_term_string}"},"query-input":{"@type":"PropertyValueSpecification","valueRequired":true,"valueName":"search_term_string"}}],"inLanguage":"es"},{"@type":"Organization","@id":"https:\/\/vederevalencia.it\/es\/#organization","name":"Vedere Valencia","url":"https:\/\/vederevalencia.it\/es\/","logo":{"@type":"ImageObject","inLanguage":"es","@id":"https:\/\/vederevalencia.it\/es\/#\/schema\/logo\/image\/","url":"https:\/\/vederevalencia.it\/wp-content\/uploads\/2022\/09\/Logo.jpg","contentUrl":"https:\/\/vederevalencia.it\/wp-content\/uploads\/2022\/09\/Logo.jpg","width":101,"height":91,"caption":"Vedere Valencia"},"image":{"@id":"https:\/\/vederevalencia.it\/es\/#\/schema\/logo\/image\/"}}]}},"_links":{"self":[{"href":"https:\/\/vederevalencia.it\/es\/wp-json\/wp\/v2\/pages\/537","targetHints":{"allow":["GET"]}}],"collection":[{"href":"https:\/\/vederevalencia.it\/es\/wp-json\/wp\/v2\/pages"}],"about":[{"href":"https:\/\/vederevalencia.it\/es\/wp-json\/wp\/v2\/types\/page"}],"author":[{"embeddable":true,"href":"https:\/\/vederevalencia.it\/es\/wp-json\/wp\/v2\/users\/1"}],"replies":[{"embeddable":true,"href":"https:\/\/vederevalencia.it\/es\/wp-json\/wp\/v2\/comments?post=537"}],"version-history":[{"count":20,"href":"https:\/\/vederevalencia.it\/es\/wp-json\/wp\/v2\/pages\/537\/revisions"}],"predecessor-version":[{"id":1087,"href":"https:\/\/vederevalencia.it\/es\/wp-json\/wp\/v2\/pages\/537\/revisions\/1087"}],"wp:attachment":[{"href":"https:\/\/vederevalencia.it\/es\/wp-json\/wp\/v2\/media?parent=537"}],"curies":[{"name":"wp","href":"https:\/\/api.w.org\/{rel}","templated":true}]}}