{"id":527,"date":"2025-01-15T15:56:19","date_gmt":"2025-01-15T15:56:19","guid":{"rendered":"https:\/\/vederevalencia.it\/contatti\/"},"modified":"2025-08-10T08:02:57","modified_gmt":"2025-08-10T08:02:57","slug":"contacto","status":"publish","type":"page","link":"https:\/\/vederevalencia.it\/es\/contacto\/","title":{"rendered":"Contacto"},"content":{"rendered":"\n<div class=\"wp-block-columns is-layout-flex wp-container-core-columns-is-layout-9d6595d7 wp-block-columns-is-layout-flex\">\n<div class=\"wp-block-column left is-layout-flow wp-block-column-is-layout-flow\" data-aos=\"fade-up\">\n<h1 class=\"wp-block-heading\">Contacto<\/h1>\n\n\n\n<div class=\"wp-block-group\"><div class=\"wp-block-group__inner-container is-layout-constrained wp-block-group-is-layout-constrained\">\n<p>Si deseas m\u00e1s informaci\u00f3n o crear un viaje a tu medida, no dudes en ponerte en contacto con nosotros. Estamos aqu\u00ed para ayudarte a crear una experiencia \u00fanica e inolvidable.<\/p>\n<\/div><\/div>\n\n\n\n<div class=\"wp-block-group\"><div class=\"wp-block-group__inner-container is-layout-constrained wp-block-group-is-layout-constrained\">\n<p class=\"phone\"><a href=\"tel:34693546394\">+34 693 54 63 94<\/a><\/p>\n\n\n\n<p class=\"email\"><a href=\"mailto:info@vederevalencia.com\">info@vederevalencia.com<\/a><\/p>\n\n\n\n<ul class=\"social-networks\">\n\t\t\t\t\t\t<li class=\"facebook\"><a href=\"#\" target=\"_blank\"><i class=\"fab fa-facebook-f\"><\/i><\/a><\/li>\n\t\t\t\t\t\t<li class=\"instagram\"><a href=\"#\" target=\"_blank\"><i class=\"fab fa-instagram\"><\/i><\/a><\/li>\n\t\t\t\t\t\t<li class=\"linkedin\"><a href=\"#\" target=\"_blank\"><i class=\"fab fa-linkedin-in\"><\/i><\/a><\/li>\n\t\t\t\t\t<\/ul>\n<\/div><\/div>\n<\/div>\n\n\n\n<div class=\"wp-block-column right is-layout-flow wp-block-column-is-layout-flow\" data-aos=\"fade-up\">\n<div class=\"wp-block-contact-form-7-contact-form-selector\">\n<div class=\"wpcf7 no-js\" id=\"wpcf7-f1104-o1\" lang=\"es-ES\" dir=\"ltr\" data-wpcf7-id=\"1104\">\n<div class=\"screen-reader-response\"><p role=\"status\" aria-live=\"polite\" aria-atomic=\"true\"><\/p> <ul><\/ul><\/div>\n<form action=\"\/es\/wp-json\/wp\/v2\/pages\/527#wpcf7-f1104-o1\" method=\"post\" class=\"wpcf7-form init\" aria-label=\"Formulario de contacto\" novalidate=\"novalidate\" data-status=\"init\">\n<div style=\"display: none;\">\n<input type=\"hidden\" name=\"_wpcf7\" value=\"1104\" \/>\n<input type=\"hidden\" name=\"_wpcf7_version\" value=\"6.0.3\" \/>\n<input type=\"hidden\" name=\"_wpcf7_locale\" value=\"es_ES\" \/>\n<input type=\"hidden\" name=\"_wpcf7_unit_tag\" value=\"wpcf7-f1104-o1\" \/>\n<input type=\"hidden\" name=\"_wpcf7_container_post\" value=\"0\" \/>\n<input type=\"hidden\" name=\"_wpcf7_posted_data_hash\" value=\"\" \/>\n<\/div>\n<div class=\"row\">\n\t<fieldset class=\"col-sm-12 cont_input\">\n\t\t<p><span class=\"wpcf7-form-control-wrap\" data-name=\"nome\"><input size=\"40\" maxlength=\"400\" class=\"wpcf7-form-control wpcf7-text wpcf7-validates-as-required\" aria-required=\"true\" aria-invalid=\"false\" placeholder=\"Nombre\" value=\"\" type=\"text\" name=\"nome\" \/><\/span>\n\t\t<\/p>\n\t<\/fieldset>\n\t<fieldset class=\"col-sm-12 cont_input nome_agenzia\">\n\t\t<p><span class=\"wpcf7-form-control-wrap\" data-name=\"nome-agenzia\"><input size=\"40\" maxlength=\"400\" class=\"wpcf7-form-control wpcf7-text\" aria-invalid=\"false\" placeholder=\"Nombre de la agencia\" value=\"\" type=\"text\" name=\"nome-agenzia\" \/><\/span>\n\t\t<\/p>\n\t<\/fieldset>\n\t<fieldset class=\"col-sm-6 cont_input giorno\">\n\t\t<p><span class=\"wpcf7-form-control-wrap\" data-name=\"giorno\"><input class=\"wpcf7-form-control wpcf7-date wpcf7-validates-as-date\" aria-invalid=\"false\" placeholder=\"D\u00eda tour &nbsp;\" value=\"\" type=\"date\" name=\"giorno\" \/><\/span>\n\t\t<\/p>\n\t<\/fieldset>\n\t<fieldset class=\"col-sm-6 cont_input ora\">\n\t\t<p><span class=\"wpcf7-form-control-wrap\" data-name=\"ora\"><select class=\"wpcf7-form-control wpcf7-select\" aria-invalid=\"false\" name=\"ora\"><option value=\"\">Hora tour<\/option><option value=\"9:00\">9:00<\/option><option value=\"9:30\">9:30<\/option><option value=\"10:00\">10:00<\/option><option value=\"10:30\">10:30<\/option><option value=\"11:00\">11:00<\/option><option value=\"11:30\">11:30<\/option><option value=\"12:00\">12:00<\/option><option value=\"12:30\">12:30<\/option><option value=\"13:00\">13:00<\/option><option value=\"17:00\">17:00<\/option><option value=\"17:30\">17:30<\/option><option value=\"18:00\">18:00<\/option><option value=\"18:30\">18:30<\/option><option value=\"19:00\">19:00<\/option><\/select><\/span>\n\t\t<\/p>\n\t<\/fieldset>\n\t<fieldset class=\"col-sm-6 cont_input\">\n\t\t<p><span class=\"wpcf7-form-control-wrap\" data-name=\"telefono\"><input size=\"40\" maxlength=\"400\" class=\"wpcf7-form-control wpcf7-tel wpcf7-text wpcf7-validates-as-tel\" aria-invalid=\"false\" placeholder=\"Tel\u00e9fono\" value=\"\" type=\"tel\" name=\"telefono\" \/><\/span>\n\t\t<\/p>\n\t<\/fieldset>\n\t<fieldset class=\"col-sm-6 cont_input\">\n\t\t<p><span class=\"wpcf7-form-control-wrap\" data-name=\"email\"><input size=\"40\" maxlength=\"400\" class=\"wpcf7-form-control wpcf7-email wpcf7-validates-as-required wpcf7-text wpcf7-validates-as-email\" aria-required=\"true\" aria-invalid=\"false\" placeholder=\"Email\" value=\"\" type=\"email\" name=\"email\" \/><\/span>\n\t\t<\/p>\n\t<\/fieldset>\n\t<fieldset class=\"col-sm-12 cont_check\">\n\t\t<p><span class=\"wpcf7-form-control-wrap\" data-name=\"whatsapp\"><span class=\"wpcf7-form-control wpcf7-checkbox\"><span class=\"wpcf7-list-item first last\"><label><input type=\"checkbox\" name=\"whatsapp[]\" value=\"Puedo comunicarme por Whatsapp\" \/><span class=\"wpcf7-list-item-label\">Puedo comunicarme por Whatsapp<\/span><\/label><\/span><\/span><\/span>\n\t\t<\/p>\n\t<\/fieldset>\n\t<fieldset class=\"col-sm-12 cont_input indirizzo\">\n\t\t<p><span class=\"wpcf7-form-control-wrap\" data-name=\"indirizzo\"><input size=\"40\" maxlength=\"400\" class=\"wpcf7-form-control wpcf7-text\" aria-invalid=\"false\" placeholder=\"Direcci\u00f3n hotel o piso donde te alojas\" value=\"\" type=\"text\" name=\"indirizzo\" \/><\/span>\n\t\t<\/p>\n\t<\/fieldset>\n\t<div class=\"cosa_vedere\">\n\t\t<p class=\"p_cosa_vedere\">SELECCIONA LO QUE QUIERES HACER\/VER\n\t\t<\/p>\n\t\t<p class=\"p_cosa_proporre\">SELECCIONA LO QUE QUIERES PROPONER\n\t\t<\/p>\n\t\t<p><span class=\"wpcf7-form-control-wrap\" data-name=\"cosa-vedere\"><span class=\"wpcf7-form-control wpcf7-checkbox\"><span class=\"wpcf7-list-item first\"><label><input type=\"checkbox\" name=\"cosa-vedere[]\" value=\"Ciudad de las Artes y las Ciencias\" \/><span class=\"wpcf7-list-item-label\">Ciudad de las Artes y las Ciencias<\/span><\/label><\/span><span class=\"wpcf7-list-item\"><label><input type=\"checkbox\" name=\"cosa-vedere[]\" value=\"Centro hist\u00f3rico\" \/><span class=\"wpcf7-list-item-label\">Centro hist\u00f3rico<\/span><\/label><\/span><span class=\"wpcf7-list-item\"><label><input type=\"checkbox\" name=\"cosa-vedere[]\" value=\"Museos\" \/><span class=\"wpcf7-list-item-label\">Museos<\/span><\/label><\/span><span class=\"wpcf7-list-item\"><label><input type=\"checkbox\" name=\"cosa-vedere[]\" value=\"Albufera\" \/><span class=\"wpcf7-list-item-label\">Albufera<\/span><\/label><\/span><span class=\"wpcf7-list-item\"><label><input type=\"checkbox\" name=\"cosa-vedere[]\" value=\"Tour en bici\" \/><span class=\"wpcf7-list-item-label\">Tour en bici<\/span><\/label><\/span><span class=\"wpcf7-list-item last\"><label><input type=\"checkbox\" name=\"cosa-vedere[]\" value=\"Personalizado\" \/><span class=\"wpcf7-list-item-label\">Personalizado<\/span><\/label><\/span><\/span><\/span>\n\t\t<\/p>\n\t<\/div>\n\t<fieldset class=\"col-sm-12 cont_input\">\n\t\t<p><span class=\"wpcf7-form-control-wrap\" data-name=\"messaggio\"><textarea cols=\"40\" rows=\"10\" maxlength=\"2000\" class=\"wpcf7-form-control wpcf7-textarea wpcf7-validates-as-required\" aria-required=\"true\" aria-invalid=\"false\" placeholder=\"\u00bfQu\u00e9 te gustar\u00eda descubrir en Valencia?\" name=\"messaggio\"><\/textarea><\/span>\n\t\t<\/p>\n\t<\/fieldset>\n\t<div class=\"privacidad col-12\">\n\t\t<p>PROTEZIONE DEI DATI - PROTECCI\u00d3N DE DATOS: De conformidad con la normativa sobre protecci\u00f3n de datos, le facilitamos la siguiente informaci\u00f3n sobre el tratamiento: Responsable: Pierluigi Melis. Finalidad del tratamiento: mantener una relaci\u00f3n comercial y enviar comunicaciones sobre productos o servicios. Sus derechos: acceso, rectificaci\u00f3n, portabilidad, supresi\u00f3n, limitaci\u00f3n y oposici\u00f3n. Para m\u00e1s informaci\u00f3n sobre el tratamiento de datos personales, consulte la <a href=\"https:\/\/vederevalencia.it\/es\/politica-de-privacidad\/\" target=\"_blank\">pol\u00ed\u00adtica de privacidad.<\/a>\n\t\t<\/p>\n\t<\/div>\n\t<div class=\"accept_cont_submit col-12\">\n\t\t<fieldset class=\"cont_check accept\">\n\t\t\t<p><span class=\"wpcf7-form-control-wrap\" data-name=\"politica-privacy\"><span class=\"wpcf7-form-control wpcf7-acceptance\"><span class=\"wpcf7-list-item\"><input type=\"checkbox\" name=\"politica-privacy\" value=\"1\" aria-invalid=\"false\" \/><\/span><\/span><\/span><label>He le\u00eddo y acepto la <a href=\"https:\/\/vederevalencia.it\/es\/politica-de-privacidad\/\" target=\"_blank\">pol\u00ed\u00adtica de privacidad<\/a><\/label>\n\t\t\t<\/p>\n\t\t<\/fieldset>\n\t\t<fieldset class=\"cont_submit\">\n\t\t\t<p><input class=\"wpcf7-form-control wpcf7-submit has-spinner\" type=\"submit\" value=\"Enviar solicitud\" \/>\n\t\t\t<\/p>\n\t\t<\/fieldset>\n\t<\/div>\n<\/div><div class=\"wpcf7-response-output\" aria-hidden=\"true\"><\/div>\n<\/form>\n<\/div>\n<\/div>\n<\/div>\n<\/div>\n\n\n\n<div class=\"wp-block-group alignfull call_to_action_agenzia\"><div class=\"wp-block-group__inner-container is-layout-constrained wp-block-group-is-layout-constrained\">\n<p>\u00bfEres una agencia de viajes? Ponte en contacto conmigo para <br>ofrecer a tus clientes tours personalizados a Valencia<\/p>\n\n\n\n<div class=\"wp-block-buttons is-layout-flex wp-block-buttons-is-layout-flex\">\n<div class=\"wp-block-button big_button\"><a class=\"wp-block-button__link wp-element-button\" href=\"https:\/\/vederevalencia.it\/es\/agencias-de-viajes\/\">Cont\u00e1ctame<\/a><\/div>\n<\/div>\n<\/div><\/div>\n","protected":false},"excerpt":{"rendered":"<p>Contacto Si deseas m\u00e1s informaci\u00f3n o crear un viaje a tu medida, no dudes en ponerte en contacto con nosotros. Estamos aqu\u00ed para ayudarte a crear una experiencia \u00fanica e inolvidable. +34 693 54 63 94 info@vederevalencia.com<\/p>\n","protected":false},"author":1,"featured_media":0,"parent":0,"menu_order":0,"comment_status":"closed","ping_status":"closed","template":"fullwith-without-title.php","meta":{"_acf_changed":false,"footnotes":""},"class_list":["post-527","page","type-page","status-publish","hentry"],"acf":[],"yoast_head":"<!-- This site is optimized with the Yoast SEO plugin v24.3 - https:\/\/yoast.com\/wordpress\/plugins\/seo\/ -->\n<title>Contacto - Vedere Valencia<\/title>\n<meta name=\"robots\" content=\"noindex, follow, max-snippet:-1, max-image-preview:large, max-video-preview:-1\" \/>\n<meta property=\"og:locale\" content=\"es_ES\" \/>\n<meta property=\"og:type\" content=\"article\" \/>\n<meta property=\"og:title\" content=\"Contacto - Vedere Valencia\" \/>\n<meta property=\"og:description\" content=\"Contacto Si deseas m\u00e1s informaci\u00f3n o crear un viaje a tu medida, no dudes en ponerte en contacto con nosotros. Estamos aqu\u00ed para ayudarte a crear una experiencia \u00fanica e inolvidable. +34 693 54 63 94 info@vederevalencia.com\" \/>\n<meta property=\"og:url\" content=\"https:\/\/vederevalencia.it\/es\/contacto\/\" \/>\n<meta property=\"og:site_name\" content=\"Vedere Valencia\" \/>\n<meta property=\"article:modified_time\" content=\"2025-08-10T08:02:57+00:00\" \/>\n<meta name=\"twitter:card\" content=\"summary_large_image\" \/>\n<meta name=\"twitter:label1\" content=\"Tiempo de lectura\" \/>\n\t<meta name=\"twitter:data1\" content=\"1 minuto\" \/>\n<script type=\"application\/ld+json\" class=\"yoast-schema-graph\">{\"@context\":\"https:\/\/schema.org\",\"@graph\":[{\"@type\":\"WebPage\",\"@id\":\"https:\/\/vederevalencia.it\/es\/contacto\/\",\"url\":\"https:\/\/vederevalencia.it\/es\/contacto\/\",\"name\":\"Contacto - Vedere Valencia\",\"isPartOf\":{\"@id\":\"https:\/\/vederevalencia.it\/es\/#website\"},\"datePublished\":\"2025-01-15T15:56:19+00:00\",\"dateModified\":\"2025-08-10T08:02:57+00:00\",\"breadcrumb\":{\"@id\":\"https:\/\/vederevalencia.it\/es\/contacto\/#breadcrumb\"},\"inLanguage\":\"es\",\"potentialAction\":[{\"@type\":\"ReadAction\",\"target\":[\"https:\/\/vederevalencia.it\/es\/contacto\/\"]}]},{\"@type\":\"BreadcrumbList\",\"@id\":\"https:\/\/vederevalencia.it\/es\/contacto\/#breadcrumb\",\"itemListElement\":[{\"@type\":\"ListItem\",\"position\":1,\"name\":\"Portada\",\"item\":\"https:\/\/vederevalencia.it\/es\/\"},{\"@type\":\"ListItem\",\"position\":2,\"name\":\"Contacto\"}]},{\"@type\":\"WebSite\",\"@id\":\"https:\/\/vederevalencia.it\/es\/#website\",\"url\":\"https:\/\/vederevalencia.it\/es\/\",\"name\":\"Vedere Valencia\",\"description\":\"Pierluigi Melis Tours\",\"publisher\":{\"@id\":\"https:\/\/vederevalencia.it\/es\/#organization\"},\"potentialAction\":[{\"@type\":\"SearchAction\",\"target\":{\"@type\":\"EntryPoint\",\"urlTemplate\":\"https:\/\/vederevalencia.it\/es\/?s={search_term_string}\"},\"query-input\":{\"@type\":\"PropertyValueSpecification\",\"valueRequired\":true,\"valueName\":\"search_term_string\"}}],\"inLanguage\":\"es\"},{\"@type\":\"Organization\",\"@id\":\"https:\/\/vederevalencia.it\/es\/#organization\",\"name\":\"Vedere Valencia\",\"url\":\"https:\/\/vederevalencia.it\/es\/\",\"logo\":{\"@type\":\"ImageObject\",\"inLanguage\":\"es\",\"@id\":\"https:\/\/vederevalencia.it\/es\/#\/schema\/logo\/image\/\",\"url\":\"https:\/\/vederevalencia.it\/wp-content\/uploads\/2022\/09\/Logo.jpg\",\"contentUrl\":\"https:\/\/vederevalencia.it\/wp-content\/uploads\/2022\/09\/Logo.jpg\",\"width\":101,\"height\":91,\"caption\":\"Vedere Valencia\"},\"image\":{\"@id\":\"https:\/\/vederevalencia.it\/es\/#\/schema\/logo\/image\/\"}}]}<\/script>\n<!-- \/ Yoast SEO plugin. -->","yoast_head_json":{"title":"Contacto - Vedere Valencia","robots":{"index":"noindex","follow":"follow","max-snippet":"max-snippet:-1","max-image-preview":"max-image-preview:large","max-video-preview":"max-video-preview:-1"},"og_locale":"es_ES","og_type":"article","og_title":"Contacto - Vedere Valencia","og_description":"Contacto Si deseas m\u00e1s informaci\u00f3n o crear un viaje a tu medida, no dudes en ponerte en contacto con nosotros. Estamos aqu\u00ed para ayudarte a crear una experiencia \u00fanica e inolvidable. +34 693 54 63 94 info@vederevalencia.com","og_url":"https:\/\/vederevalencia.it\/es\/contacto\/","og_site_name":"Vedere Valencia","article_modified_time":"2025-08-10T08:02:57+00:00","twitter_card":"summary_large_image","twitter_misc":{"Tiempo de lectura":"1 minuto"},"schema":{"@context":"https:\/\/schema.org","@graph":[{"@type":"WebPage","@id":"https:\/\/vederevalencia.it\/es\/contacto\/","url":"https:\/\/vederevalencia.it\/es\/contacto\/","name":"Contacto - Vedere Valencia","isPartOf":{"@id":"https:\/\/vederevalencia.it\/es\/#website"},"datePublished":"2025-01-15T15:56:19+00:00","dateModified":"2025-08-10T08:02:57+00:00","breadcrumb":{"@id":"https:\/\/vederevalencia.it\/es\/contacto\/#breadcrumb"},"inLanguage":"es","potentialAction":[{"@type":"ReadAction","target":["https:\/\/vederevalencia.it\/es\/contacto\/"]}]},{"@type":"BreadcrumbList","@id":"https:\/\/vederevalencia.it\/es\/contacto\/#breadcrumb","itemListElement":[{"@type":"ListItem","position":1,"name":"Portada","item":"https:\/\/vederevalencia.it\/es\/"},{"@type":"ListItem","position":2,"name":"Contacto"}]},{"@type":"WebSite","@id":"https:\/\/vederevalencia.it\/es\/#website","url":"https:\/\/vederevalencia.it\/es\/","name":"Vedere Valencia","description":"Pierluigi Melis Tours","publisher":{"@id":"https:\/\/vederevalencia.it\/es\/#organization"},"potentialAction":[{"@type":"SearchAction","target":{"@type":"EntryPoint","urlTemplate":"https:\/\/vederevalencia.it\/es\/?s={search_term_string}"},"query-input":{"@type":"PropertyValueSpecification","valueRequired":true,"valueName":"search_term_string"}}],"inLanguage":"es"},{"@type":"Organization","@id":"https:\/\/vederevalencia.it\/es\/#organization","name":"Vedere Valencia","url":"https:\/\/vederevalencia.it\/es\/","logo":{"@type":"ImageObject","inLanguage":"es","@id":"https:\/\/vederevalencia.it\/es\/#\/schema\/logo\/image\/","url":"https:\/\/vederevalencia.it\/wp-content\/uploads\/2022\/09\/Logo.jpg","contentUrl":"https:\/\/vederevalencia.it\/wp-content\/uploads\/2022\/09\/Logo.jpg","width":101,"height":91,"caption":"Vedere Valencia"},"image":{"@id":"https:\/\/vederevalencia.it\/es\/#\/schema\/logo\/image\/"}}]}},"_links":{"self":[{"href":"https:\/\/vederevalencia.it\/es\/wp-json\/wp\/v2\/pages\/527","targetHints":{"allow":["GET"]}}],"collection":[{"href":"https:\/\/vederevalencia.it\/es\/wp-json\/wp\/v2\/pages"}],"about":[{"href":"https:\/\/vederevalencia.it\/es\/wp-json\/wp\/v2\/types\/page"}],"author":[{"embeddable":true,"href":"https:\/\/vederevalencia.it\/es\/wp-json\/wp\/v2\/users\/1"}],"replies":[{"embeddable":true,"href":"https:\/\/vederevalencia.it\/es\/wp-json\/wp\/v2\/comments?post=527"}],"version-history":[{"count":12,"href":"https:\/\/vederevalencia.it\/es\/wp-json\/wp\/v2\/pages\/527\/revisions"}],"predecessor-version":[{"id":1115,"href":"https:\/\/vederevalencia.it\/es\/wp-json\/wp\/v2\/pages\/527\/revisions\/1115"}],"wp:attachment":[{"href":"https:\/\/vederevalencia.it\/es\/wp-json\/wp\/v2\/media?parent=527"}],"curies":[{"name":"wp","href":"https:\/\/api.w.org\/{rel}","templated":true}]}}